{"id":397,"date":"2023-02-05T20:54:22","date_gmt":"2023-02-05T19:54:22","guid":{"rendered":"https:\/\/betaregeltechnik.frensch.de\/?page_id=397"},"modified":"2024-10-14T11:27:58","modified_gmt":"2024-10-14T09:27:58","slug":"as-6180","status":"publish","type":"page","link":"https:\/\/regeltechnik.frensch.de\/fr\/prodouits\/as-6180\/","title":{"rendered":"AS 6180"},"content":{"rendered":"<p>[et_pb_section fb_built=\u00a0\u00bb1&Prime; _builder_version=\u00a0\u00bb4.16&Prime; _module_preset=\u00a0\u00bbdefault\u00a0\u00bb global_colors_info=\u00a0\u00bb{}\u00a0\u00bb][et_pb_row _builder_version=\u00a0\u00bb4.16&Prime; _module_preset=\u00a0\u00bbdefault\u00a0\u00bb custom_padding=\u00a0\u00bb||0px||false|false\u00a0\u00bb global_colors_info=\u00a0\u00bb{}\u00a0\u00bb][et_pb_column type=\u00a0\u00bb4_4&Prime; _builder_version=\u00a0\u00bb4.16&Prime; _module_preset=\u00a0\u00bbdefault\u00a0\u00bb global_colors_info=\u00a0\u00bb{}\u00a0\u00bb][et_pb_text admin_label=\u00a0\u00bbCommande de charge automatique avec d\u00e9calage temporaire AS 6180&Prime; _builder_version=\u00a0\u00bb4.16&Prime; _module_preset=\u00a0\u00bbdefault\u00a0\u00bb global_colors_info=\u00a0\u00bb{}\u00a0\u00bb]<\/p>\n<h2>Commande de charge automatique avec d\u00e9calage temporaire AS 6180<\/h2>\n<p>[\/et_pb_text][\/et_pb_column][\/et_pb_row][et_pb_row column_structure=\u00a0\u00bb2_3,1_3&Prime; _builder_version=\u00a0\u00bb4.16&Prime; _module_preset=\u00a0\u00bbdefault\u00a0\u00bb global_colors_info=\u00a0\u00bb{}\u00a0\u00bb][et_pb_column type=\u00a0\u00bb2_3&Prime; _builder_version=\u00a0\u00bb4.16&Prime; _module_preset=\u00a0\u00bbdefault\u00a0\u00bb global_colors_info=\u00a0\u00bb{}\u00a0\u00bb][et_pb_text admin_label=\u00a0\u00bbText\u00a0\u00bb module_class=\u00a0\u00bbproduct-content\u00a0\u00bb _builder_version=\u00a0\u00bb4.19.5&Prime; _module_preset=\u00a0\u00bbdefault\u00a0\u00bb global_colors_info=\u00a0\u00bb{}\u00a0\u00bb]<\/p>\n<h3>Pour appareils de chauffage \u00e0 accumulation et chauffages par le sol<\/h3>\n<p><strong><span style=\"color: #ff0000;\">N&rsquo;est plus disponible.<\/span><\/strong><\/p>\n<p>La commande de charge AS 6180 est le successeur num\u00e9rique de la s\u00e9rie AS 080. A partir des consignes (courbe caract\u00e9ristique, p\u00e9riode Heures Creuses, etc.), de la temp\u00e9rature ext\u00e9rieure et des signaux de mise en marche, il d\u00e9termine le volume de charge des chauffages \u00e9lectriques \u00e0 accumulateurs individuels ou des chauffages par le sol. La d\u00e9tection de la chaleur r\u00e9siduelle se fait par l\u2019interm\u00e9diaire d\u2019une sonde NTC appliqu\u00e9e ou int\u00e9gr\u00e9e dans le sol.<\/p>\n<p>La commande est con\u00e7ue pour un \u00e9quipement ult\u00e9rieur (AS 080) et pour un fonctionnement sur de nouvelles installations. Un commutateur situ\u00e9 \u00e0 l\u2019arri\u00e8re de l\u2019appareil permet de commander la sonde climatique WF-E-55 (s\u2019il y en a une sur l\u2019installation), ainsi qu\u2019une sonde standard WF-N-1 (sur les nouvelles installations). La sonde climatique WF-N-1 n\u2019est toutefois pas comprise dans la livraison standard et doit \u00eatre command\u00e9e s\u00e9par\u00e9ment pour les nouvelles installations. Pour contr\u00f4ler le fonctionnement de la commande de charge AS 6180, il suffit d\u2019appuyer sur les touches \u00ab LS \u00bb et \u00ab E2 \u00bb en m\u00eame temps. Les possibilit\u00e9s de r\u00e9glage d\u00e9j\u00e0 existantes sur le mod\u00e8le pr\u00e9c\u00e9dent AS 080 ont \u00e9galement \u00e9t\u00e9 \u00e9largies et am\u00e9lior\u00e9es.<\/p>\n<ul>\n<li>Calcul de la courbe caract\u00e9ristique selon la temp\u00e9rature journali\u00e8re moyenne<\/li>\n<li>R\u00e9glage minutieux du potentiom\u00e8tre par affichage de la valeur r\u00e9gl\u00e9e au display<\/li>\n<li>Relais temporisateur auto-adaptatif<\/li>\n<li>Toutes les interruptions sont compens\u00e9es par le relais temporisateur<\/li>\n<li>Affichage LCD \u00e0 4 chiffres avec affichage suppl\u00e9mentaire de l\u2019\u00e9tat r\u00e9el de l\u2019appareil<\/li>\n<li>D\u00e9tection d\u2019une erreur de r\u00e9glage<\/li>\n<li>D\u00e9tection d\u2019une rupture de sonde ou d\u00e9tection d\u2019un court-circuit<\/li>\n<li>Possibilit\u00e9s optimales de r\u00e9glage du rechargement pendant la journ\u00e9e<\/li>\n<li>R\u00e9glage en continu de la charge simultan\u00e9e sans d\u00e9calage, de la valeur moyenne du d\u00e9calage, du d\u00e9calage maximum de la charge<\/li>\n<\/ul>\n<p>[\/et_pb_text][\/et_pb_column][et_pb_column type=\u00a0\u00bb1_3&Prime; _builder_version=\u00a0\u00bb4.16&Prime; _module_preset=\u00a0\u00bbdefault\u00a0\u00bb global_colors_info=\u00a0\u00bb{}\u00a0\u00bb][et_pb_image src=\u00a0\u00bbhttps:\/\/betaregeltechnik.frensch.de\/wp-content\/uploads\/DSC_1855_6180.jpg\u00a0\u00bb title_text=\u00a0\u00bbDSC_1855_6180&Prime; _builder_version=\u00a0\u00bb4.16&Prime; _module_preset=\u00a0\u00bbdefault\u00a0\u00bb custom_margin=\u00a0\u00bb||0px||false|false\u00a0\u00bb global_colors_info=\u00a0\u00bb{}\u00a0\u00bb][\/et_pb_image][et_pb_image src=\u00a0\u00bbhttps:\/\/betaregeltechnik.frensch.de\/wp-content\/uploads\/TZ_6180.jpg\u00a0\u00bb title_text=\u00a0\u00bbTZ_6180&Prime; _builder_version=\u00a0\u00bb4.16&Prime; _module_preset=\u00a0\u00bbdefault\u00a0\u00bb global_colors_info=\u00a0\u00bb{}\u00a0\u00bb][\/et_pb_image][et_pb_text _builder_version=\u00a0\u00bb4.16&Prime; _module_preset=\u00a0\u00bbdefault\u00a0\u00bb global_colors_info=\u00a0\u00bb{}\u00a0\u00bb]<\/p>\n<h2>Downloads<\/h2>\n<p><div class='w3eden'><!-- WPDM Link Template: Widget Template -->\n\n<div class=\"media well link-template-widget\">\n    <a class=\"mr-3 img-48\" href=\"https:\/\/regeltechnik.frensch.de\/fr\/download\/as_6180_de\/\">\n        <img decoding=\"async\" class=\"wpdm_icon\" alt=\"Ic\u00f4ne\"   src=\"https:\/\/betaregeltechnik.frensch.de\/wp-content\/plugins\/download-manager\/assets\/file-type-icons\/pdf.svg\" \/>\n    <\/a>\n    <div class=\"media-body\">\n        <a href=\"https:\/\/regeltechnik.frensch.de\/fr\/download\/as_6180_de\/\" style=\"display: block;clear: bottom;font-size: 11pt;font-weight: bold;\">AS_6180_DE.pdf<\/a>\n        <div style=\"font-size: 9pt;\">\n            <i class=\"fas fa-hdd color-green\"><\/i> 1,52 MB <i class=\"fa fa-copy ml-3\"><\/i>\n            1 file(s)\n        <\/div>\n    <\/div>\n<\/div>\n\n<\/div><br \/>\n<div class='w3eden'><!-- WPDM Link Template: Widget Template -->\n\n<div class=\"media well link-template-widget\">\n    <a class=\"mr-3 img-48\" href=\"https:\/\/regeltechnik.frensch.de\/fr\/download\/sockelschaltbild_6180\/\">\n        <img decoding=\"async\" class=\"wpdm_icon\" alt=\"Ic\u00f4ne\"   src=\"https:\/\/betaregeltechnik.frensch.de\/wp-content\/plugins\/download-manager\/assets\/file-type-icons\/pdf.svg\" \/>\n    <\/a>\n    <div class=\"media-body\">\n        <a href=\"https:\/\/regeltechnik.frensch.de\/fr\/download\/sockelschaltbild_6180\/\" style=\"display: block;clear: bottom;font-size: 11pt;font-weight: bold;\">Sockelschaltbild_6180.pdf<\/a>\n        <div style=\"font-size: 9pt;\">\n            <i class=\"fas fa-hdd color-green\"><\/i> 31.92 KB <i class=\"fa fa-copy ml-3\"><\/i>\n            1 file(s)\n        <\/div>\n    <\/div>\n<\/div>\n\n<\/div><br \/>\n[\/et_pb_text][\/et_pb_column][\/et_pb_row][\/et_pb_section]<\/p>\n","protected":false},"excerpt":{"rendered":"<p>Commande de charge automatique avec d\u00e9calage temporaire AS 6180Pour appareils de chauffage \u00e0 accumulation et chauffages par le sol N&rsquo;est plus disponible. La commande de charge AS 6180 est le successeur num\u00e9rique de la s\u00e9rie AS 080. A partir des consignes (courbe caract\u00e9ristique, p\u00e9riode Heures Creuses, etc.), de la temp\u00e9rature ext\u00e9rieure et des signaux de [&hellip;]<\/p>\n","protected":false},"author":1,"featured_media":0,"parent":273,"menu_order":0,"comment_status":"closed","ping_status":"closed","template":"","meta":{"_et_pb_use_builder":"on","_et_pb_old_content":"<p>[et_pb_section fb_built=\"1\" _builder_version=\"4.14.7\" _module_preset=\"default\" global_colors_info=\"{}\"][et_pb_row _builder_version=\"4.14.7\" _module_preset=\"default\" custom_padding=\"||0px||false|false\" global_colors_info=\"{}\"][et_pb_column type=\"4_4\" _builder_version=\"4.14.7\" _module_preset=\"default\" global_colors_info=\"{}\"][et_pb_text admin_label=\"Aufladeautomatik mit Zeitverschiebung AS 6180\" _builder_version=\"4.14.7\" _module_preset=\"default\" global_colors_info=\"{}\"]<\/p><h2>Aufladeautomatik mit Zeitverschiebung AS 6180<\/h2><p>[\/et_pb_text][\/et_pb_column][\/et_pb_row][et_pb_row column_structure=\"2_3,1_3\" _builder_version=\"4.14.7\" _module_preset=\"default\" global_colors_info=\"{}\"][et_pb_column type=\"2_3\" _builder_version=\"4.14.7\" _module_preset=\"default\" global_colors_info=\"{}\"][et_pb_text admin_label=\"Text\" module_class=\"product-content\" _builder_version=\"4.14.7\" _module_preset=\"default\" global_colors_info=\"{}\"]<\/p><h3>F\u00fcr Speicherheizger\u00e4te und Fu\u00dfbodenheizungen<\/h3><p>Die Frensch-Aufladesteuerung AS 6180 ist der digitale Nachfolger der Serie AS 080. Sie bestimmt aus den Einstellwerten (Kennlinie, Freigabezeit etc.), der Au\u00dfentemperatur und den Freigabesignalen die Lademenge f\u00fcr Elektro-Einzelspeicher- oder Fu\u00dfbodenspeicherheizungen. Die Restw\u00e4rmeerfassung erfolgt \u00fcber einen NTC-F\u00fchler als Anlege- oder Fu\u00dfbodenf\u00fchler.<\/p><p>Die Steuerung ist zur Nachr\u00fcstung (AS 080) und f\u00fcr den Betrieb an Neuanlagen konzipiert. Durch einen Schalter auf der Ger\u00e4ter\u00fcckseite ist sowohl der Witterungsf\u00fchler WF-E-55 (bei bestehenden Anlagen) als auch der Normf\u00fchler WF-N-1 (bei Neuanlagen) anw\u00e4hlbar. Der Witterungsf\u00fchler WF-N-1 ist jedoch nicht im Lieferumfang enthalten und muss bei Neuanlagen separat bestellt werden. Die Funktionskontrolle der Aufladesteuerung AS 6180 erfolgt durch gleichzeitiges Dr\u00fccken der Tasten \u201eLS\u201c und \u201eE2\u201c. Die bereits im Vorg\u00e4ngermodell AS 080 vorhandenen Einstellm\u00f6glichkeiten sind zudem erweitert und verbessert worden.<\/p><ul><li>Berechnung der Kennlinie nach der Tagesmitteltemperatur<\/li><li>Genauste Einstellung der Potentiometer durch Anzeige des eingestellten Wertes auf dem Display<\/li><li>Selbstanpassendes Zeitglied<\/li><li>Beliebige Unterbrechungen werden vom Zeitglied ausgeglichen<\/li><li>4-stellige LCD-Anzeige mit zus\u00e4tzlicher Anzeige des Ger\u00e4te-Istzustandes<\/li><li>Erkennung einer Fehleinstellung<\/li><li>F\u00fchler-Bruch-, bzw. Kurzschlusserkennung<\/li><li>Optimale Einstellm\u00f6glichkeiten der Tag-Nachladung<\/li><li>Ladeschwerpunkt stufenlos von Vorw\u00e4rtssteuerung \u00fcber Mittelspreizung bis R\u00fcckw\u00e4rtssteuerung einstellbar<\/li><\/ul><p>[\/et_pb_text][\/et_pb_column][et_pb_column type=\"1_3\" _builder_version=\"4.14.7\" _module_preset=\"default\" global_colors_info=\"{}\"][et_pb_image src=\"https:\/\/betaregeltechnik.frensch.de\/wp-content\/uploads\/DSC_1855_6180.jpg\" title_text=\"DSC_1855_6180\" _builder_version=\"4.14.7\" _module_preset=\"default\" custom_margin=\"||0px||false|false\" global_colors_info=\"{}\"][\/et_pb_image][et_pb_image src=\"https:\/\/betaregeltechnik.frensch.de\/wp-content\/uploads\/TZ_6180.jpg\" title_text=\"TZ_6180\" _builder_version=\"4.14.7\" _module_preset=\"default\" global_colors_info=\"{}\"][\/et_pb_image][et_pb_text _builder_version=\"4.14.7\" _module_preset=\"default\" hover_enabled=\"0\" global_colors_info=\"{}\" sticky_enabled=\"0\"]<\/p><h2>Downloads<\/h2><p>[wpdm_package id='87' template=\"link-template-widget\"]<br \/>[wpdm_package id='241' template=\"link-template-widget\"]<\/p><p>[\/et_pb_text][\/et_pb_column][\/et_pb_row][\/et_pb_section]<\/p>","_et_gb_content_width":"","footnotes":""},"class_list":["post-397","page","type-page","status-publish","hentry"],"yoast_head":"<!-- This site is optimized with the Yoast SEO plugin v23.6 - https:\/\/yoast.com\/wordpress\/plugins\/seo\/ -->\n<title>AS 6180 - Frensch-Regeltechnik<\/title>\n<meta name=\"robots\" content=\"index, follow, max-snippet:-1, max-image-preview:large, max-video-preview:-1\" \/>\n<link rel=\"canonical\" href=\"https:\/\/regeltechnik.frensch.de\/fr\/prodouits\/as-6180\/\" \/>\n<meta property=\"og:locale\" content=\"fr_FR\" \/>\n<meta property=\"og:type\" content=\"article\" \/>\n<meta property=\"og:title\" content=\"AS 6180 - Frensch-Regeltechnik\" \/>\n<meta property=\"og:description\" content=\"Commande de charge automatique avec d\u00e9calage temporaire AS 6180Pour appareils de chauffage \u00e0 accumulation et chauffages par le sol N&#039;est plus disponible. La commande de charge AS 6180 est le successeur num\u00e9rique de la s\u00e9rie AS 080. A partir des consignes (courbe caract\u00e9ristique, p\u00e9riode Heures Creuses, etc.), de la temp\u00e9rature ext\u00e9rieure et des signaux de [&hellip;]\" \/>\n<meta property=\"og:url\" content=\"https:\/\/regeltechnik.frensch.de\/fr\/prodouits\/as-6180\/\" \/>\n<meta property=\"og:site_name\" content=\"Frensch-Regeltechnik\" \/>\n<meta property=\"article:modified_time\" content=\"2024-10-14T09:27:58+00:00\" \/>\n<meta name=\"twitter:card\" content=\"summary_large_image\" \/>\n<meta name=\"twitter:label1\" content=\"Dur\u00e9e de lecture estim\u00e9e\" \/>\n\t<meta name=\"twitter:data1\" content=\"3 minutes\" \/>\n<script type=\"application\/ld+json\" class=\"yoast-schema-graph\">{\"@context\":\"https:\/\/schema.org\",\"@graph\":[{\"@type\":\"WebPage\",\"@id\":\"https:\/\/regeltechnik.frensch.de\/fr\/prodouits\/as-6180\/\",\"url\":\"https:\/\/regeltechnik.frensch.de\/fr\/prodouits\/as-6180\/\",\"name\":\"AS 6180 - Frensch-Regeltechnik\",\"isPartOf\":{\"@id\":\"https:\/\/regeltechnik.frensch.de\/fr\/#website\"},\"datePublished\":\"2023-02-05T19:54:22+00:00\",\"dateModified\":\"2024-10-14T09:27:58+00:00\",\"breadcrumb\":{\"@id\":\"https:\/\/regeltechnik.frensch.de\/fr\/prodouits\/as-6180\/#breadcrumb\"},\"inLanguage\":\"fr-FR\",\"potentialAction\":[{\"@type\":\"ReadAction\",\"target\":[\"https:\/\/regeltechnik.frensch.de\/fr\/prodouits\/as-6180\/\"]}]},{\"@type\":\"BreadcrumbList\",\"@id\":\"https:\/\/regeltechnik.frensch.de\/fr\/prodouits\/as-6180\/#breadcrumb\",\"itemListElement\":[{\"@type\":\"ListItem\",\"position\":1,\"name\":\"Startseite\",\"item\":\"https:\/\/regeltechnik.frensch.de\/fr\/\"},{\"@type\":\"ListItem\",\"position\":2,\"name\":\"Prodouits\",\"item\":\"https:\/\/regeltechnik.frensch.de\/fr\/prodouits\/\"},{\"@type\":\"ListItem\",\"position\":3,\"name\":\"AS 6180\"}]},{\"@type\":\"WebSite\",\"@id\":\"https:\/\/regeltechnik.frensch.de\/fr\/#website\",\"url\":\"https:\/\/regeltechnik.frensch.de\/fr\/\",\"name\":\"Frensch-Regeltechnik\",\"description\":\"\",\"publisher\":{\"@id\":\"https:\/\/regeltechnik.frensch.de\/fr\/#organization\"},\"potentialAction\":[{\"@type\":\"SearchAction\",\"target\":{\"@type\":\"EntryPoint\",\"urlTemplate\":\"https:\/\/regeltechnik.frensch.de\/fr\/?s={search_term_string}\"},\"query-input\":{\"@type\":\"PropertyValueSpecification\",\"valueRequired\":true,\"valueName\":\"search_term_string\"}}],\"inLanguage\":\"fr-FR\"},{\"@type\":\"Organization\",\"@id\":\"https:\/\/regeltechnik.frensch.de\/fr\/#organization\",\"name\":\"Frensch GmbH\",\"url\":\"https:\/\/regeltechnik.frensch.de\/fr\/\",\"logo\":{\"@type\":\"ImageObject\",\"inLanguage\":\"fr-FR\",\"@id\":\"https:\/\/regeltechnik.frensch.de\/fr\/#\/schema\/logo\/image\/\",\"url\":\"https:\/\/betaregeltechnik.frensch.de\/wp-content\/uploads\/FFB959F7-5A1F-4613-AB53-4D53CDE0F327.png\",\"contentUrl\":\"https:\/\/betaregeltechnik.frensch.de\/wp-content\/uploads\/FFB959F7-5A1F-4613-AB53-4D53CDE0F327.png\",\"width\":136,\"height\":136,\"caption\":\"Frensch GmbH\"},\"image\":{\"@id\":\"https:\/\/regeltechnik.frensch.de\/fr\/#\/schema\/logo\/image\/\"}}]}<\/script>\n<!-- \/ Yoast SEO plugin. -->","yoast_head_json":{"title":"AS 6180 - Frensch-Regeltechnik","robots":{"index":"index","follow":"follow","max-snippet":"max-snippet:-1","max-image-preview":"max-image-preview:large","max-video-preview":"max-video-preview:-1"},"canonical":"https:\/\/regeltechnik.frensch.de\/fr\/prodouits\/as-6180\/","og_locale":"fr_FR","og_type":"article","og_title":"AS 6180 - Frensch-Regeltechnik","og_description":"Commande de charge automatique avec d\u00e9calage temporaire AS 6180Pour appareils de chauffage \u00e0 accumulation et chauffages par le sol N'est plus disponible. La commande de charge AS 6180 est le successeur num\u00e9rique de la s\u00e9rie AS 080. A partir des consignes (courbe caract\u00e9ristique, p\u00e9riode Heures Creuses, etc.), de la temp\u00e9rature ext\u00e9rieure et des signaux de [&hellip;]","og_url":"https:\/\/regeltechnik.frensch.de\/fr\/prodouits\/as-6180\/","og_site_name":"Frensch-Regeltechnik","article_modified_time":"2024-10-14T09:27:58+00:00","twitter_card":"summary_large_image","twitter_misc":{"Dur\u00e9e de lecture estim\u00e9e":"3 minutes"},"schema":{"@context":"https:\/\/schema.org","@graph":[{"@type":"WebPage","@id":"https:\/\/regeltechnik.frensch.de\/fr\/prodouits\/as-6180\/","url":"https:\/\/regeltechnik.frensch.de\/fr\/prodouits\/as-6180\/","name":"AS 6180 - Frensch-Regeltechnik","isPartOf":{"@id":"https:\/\/regeltechnik.frensch.de\/fr\/#website"},"datePublished":"2023-02-05T19:54:22+00:00","dateModified":"2024-10-14T09:27:58+00:00","breadcrumb":{"@id":"https:\/\/regeltechnik.frensch.de\/fr\/prodouits\/as-6180\/#breadcrumb"},"inLanguage":"fr-FR","potentialAction":[{"@type":"ReadAction","target":["https:\/\/regeltechnik.frensch.de\/fr\/prodouits\/as-6180\/"]}]},{"@type":"BreadcrumbList","@id":"https:\/\/regeltechnik.frensch.de\/fr\/prodouits\/as-6180\/#breadcrumb","itemListElement":[{"@type":"ListItem","position":1,"name":"Startseite","item":"https:\/\/regeltechnik.frensch.de\/fr\/"},{"@type":"ListItem","position":2,"name":"Prodouits","item":"https:\/\/regeltechnik.frensch.de\/fr\/prodouits\/"},{"@type":"ListItem","position":3,"name":"AS 6180"}]},{"@type":"WebSite","@id":"https:\/\/regeltechnik.frensch.de\/fr\/#website","url":"https:\/\/regeltechnik.frensch.de\/fr\/","name":"Frensch-Regeltechnik","description":"","publisher":{"@id":"https:\/\/regeltechnik.frensch.de\/fr\/#organization"},"potentialAction":[{"@type":"SearchAction","target":{"@type":"EntryPoint","urlTemplate":"https:\/\/regeltechnik.frensch.de\/fr\/?s={search_term_string}"},"query-input":{"@type":"PropertyValueSpecification","valueRequired":true,"valueName":"search_term_string"}}],"inLanguage":"fr-FR"},{"@type":"Organization","@id":"https:\/\/regeltechnik.frensch.de\/fr\/#organization","name":"Frensch GmbH","url":"https:\/\/regeltechnik.frensch.de\/fr\/","logo":{"@type":"ImageObject","inLanguage":"fr-FR","@id":"https:\/\/regeltechnik.frensch.de\/fr\/#\/schema\/logo\/image\/","url":"https:\/\/betaregeltechnik.frensch.de\/wp-content\/uploads\/FFB959F7-5A1F-4613-AB53-4D53CDE0F327.png","contentUrl":"https:\/\/betaregeltechnik.frensch.de\/wp-content\/uploads\/FFB959F7-5A1F-4613-AB53-4D53CDE0F327.png","width":136,"height":136,"caption":"Frensch GmbH"},"image":{"@id":"https:\/\/regeltechnik.frensch.de\/fr\/#\/schema\/logo\/image\/"}}]}},"_links":{"self":[{"href":"https:\/\/regeltechnik.frensch.de\/fr\/wp-json\/wp\/v2\/pages\/397","targetHints":{"allow":["GET"]}}],"collection":[{"href":"https:\/\/regeltechnik.frensch.de\/fr\/wp-json\/wp\/v2\/pages"}],"about":[{"href":"https:\/\/regeltechnik.frensch.de\/fr\/wp-json\/wp\/v2\/types\/page"}],"author":[{"embeddable":true,"href":"https:\/\/regeltechnik.frensch.de\/fr\/wp-json\/wp\/v2\/users\/1"}],"replies":[{"embeddable":true,"href":"https:\/\/regeltechnik.frensch.de\/fr\/wp-json\/wp\/v2\/comments?post=397"}],"version-history":[{"count":5,"href":"https:\/\/regeltechnik.frensch.de\/fr\/wp-json\/wp\/v2\/pages\/397\/revisions"}],"predecessor-version":[{"id":807,"href":"https:\/\/regeltechnik.frensch.de\/fr\/wp-json\/wp\/v2\/pages\/397\/revisions\/807"}],"up":[{"embeddable":true,"href":"https:\/\/regeltechnik.frensch.de\/fr\/wp-json\/wp\/v2\/pages\/273"}],"wp:attachment":[{"href":"https:\/\/regeltechnik.frensch.de\/fr\/wp-json\/wp\/v2\/media?parent=397"}],"curies":[{"name":"wp","href":"https:\/\/api.w.org\/{rel}","templated":true}]}}